{"id":76,"date":"2025-07-03T10:45:59","date_gmt":"2025-07-03T08:45:59","guid":{"rendered":"https:\/\/cms-webdesign.ch\/casafemina\/?page_id=76"},"modified":"2026-01-28T09:47:02","modified_gmt":"2026-01-28T08:47:02","slug":"home","status":"publish","type":"page","link":"https:\/\/www.casafemina.ch\/fr\/","title":{"rendered":"Home"},"content":{"rendered":"<div data-elementor-type=\"wp-page\" data-elementor-id=\"76\" class=\"elementor elementor-76\" data-elementor-post-type=\"page\">\n\t\t\t\t<div data-particle_enable=\"false\" data-particle-mobile-disabled=\"false\" class=\"elementor-element elementor-element-b43f15f e-con-full e-flex e-con e-parent\" data-id=\"b43f15f\" data-element_type=\"container\" data-e-type=\"container\">\n\t\t<div data-particle_enable=\"false\" data-particle-mobile-disabled=\"false\" class=\"elementor-element elementor-element-555a71d e-grid e-con-full e-con e-child\" data-id=\"555a71d\" data-element_type=\"container\" data-e-type=\"container\">\n\t\t<div data-particle_enable=\"false\" data-particle-mobile-disabled=\"false\" class=\"elementor-element elementor-element-90038ae e-con-full e-flex e-con e-child\" data-id=\"90038ae\" data-element_type=\"container\" data-e-type=\"container\" data-settings=\"{&quot;background_background&quot;:&quot;classic&quot;}\">\n\t\t\t\t<\/div>\n\t\t<div data-particle_enable=\"false\" data-particle-mobile-disabled=\"false\" class=\"elementor-element elementor-element-527b632 e-con-full e-flex e-con e-child\" data-id=\"527b632\" data-element_type=\"container\" data-e-type=\"container\" data-settings=\"{&quot;background_background&quot;:&quot;classic&quot;}\">\n\t\t\t\t<div class=\"elementor-element elementor-element-75e0796 heading-hero elementor-widget elementor-widget-heading\" data-id=\"75e0796\" data-element_type=\"widget\" data-e-type=\"widget\" data-widget_type=\"heading.default\">\n\t\t\t\t<div class=\"elementor-widget-container\">\n\t\t\t\t\t<h2 class=\"elementor-heading-title elementor-size-default\">La fondation CasaFemina promeut l'empowerment et l'\u00e9galit\u00e9 des chances des personnes, en particulier des femmes, dans les domaines du logement, de la formation et de la participation sociale dans le nord-ouest de la Suisse.<\/h2>\t\t\t\t<\/div>\n\t\t\t\t<\/div>\n\t\t\t\t<div class=\"elementor-element elementor-element-c20569c elementor-widget elementor-widget-button\" data-id=\"c20569c\" data-element_type=\"widget\" data-e-type=\"widget\" data-widget_type=\"button.default\">\n\t\t\t\t<div class=\"elementor-widget-container\">\n\t\t\t\t\t\t\t\t\t<div class=\"elementor-button-wrapper\">\n\t\t\t\t\t<a class=\"elementor-button elementor-button-link elementor-size-sm\" href=\"https:\/\/www.casafemina.ch\/fr\/gesuch\/\">\n\t\t\t\t\t\t<span class=\"elementor-button-content-wrapper\">\n\t\t\t\t\t\t<span class=\"elementor-button-icon\">\n\t\t\t\t<svg aria-hidden=\"true\" class=\"e-font-icon-svg e-fas-long-arrow-alt-right\" viewbox=\"0 0 448 512\" xmlns=\"http:\/\/www.w3.org\/2000\/svg\"><path d=\"M313.941 216H12c-6.627 0-12 5.373-12 12v56c0 6.627 5.373 12 12 12h301.941v46.059c0 21.382 25.851 32.09 40.971 16.971l86.059-86.059c9.373-9.373 9.373-24.569 0-33.941l-86.059-86.059c-15.119-15.119-40.971-4.411-40.971 16.971V216z\"><\/path><\/svg>\t\t\t<\/span>\n\t\t\t\t\t\t\t\t\t<span class=\"elementor-button-text\">D\u00e9p\u00f4t de la demande<\/span>\n\t\t\t\t\t<\/span>\n\t\t\t\t\t<\/a>\n\t\t\t\t<\/div>\n\t\t\t\t\t\t\t\t<\/div>\n\t\t\t\t<\/div>\n\t\t\t\t<\/div>\n\t\t\t\t<\/div>\n\t\t\t\t<\/div>\n\t\t<div data-particle_enable=\"false\" data-particle-mobile-disabled=\"false\" class=\"elementor-element elementor-element-2f6b5a7e responsive-padding e-flex e-con-boxed e-con e-parent\" data-id=\"2f6b5a7e\" data-element_type=\"container\" data-e-type=\"container\">\n\t\t\t\t\t<div class=\"e-con-inner\">\n\t\t\t\t<div class=\"elementor-element elementor-element-48c3e0de elementor-widget elementor-widget-heading\" data-id=\"48c3e0de\" data-element_type=\"widget\" data-e-type=\"widget\" data-widget_type=\"heading.default\">\n\t\t\t\t<div class=\"elementor-widget-container\">\n\t\t\t\t\t<h1 class=\"elementor-heading-title elementor-size-default\">Bienvenue chez CasaFemina\n<\/h1>\t\t\t\t<\/div>\n\t\t\t\t<\/div>\n\t\t\t\t<div class=\"elementor-element elementor-element-ff7b733 elementor-widget elementor-widget-text-editor\" data-id=\"ff7b733\" data-element_type=\"widget\" data-e-type=\"widget\" data-widget_type=\"text-editor.default\">\n\t\t\t\t<div class=\"elementor-widget-container\">\n\t\t\t\t\t\t\t\t\t<p>\"La maison de mes parents m'a donn\u00e9 un foyer et un espace pour mon d\u00e9veloppement personnel. Je n'ai cess\u00e9 de r\u00e9fl\u00e9chir \u00e0 la mani\u00e8re dont je pourrais transmettre un peu de mon bonheur aux femmes qui sont surcharg\u00e9es de travail en raison de conditions de logement pr\u00e9caires et de d\u00e9fis quotidiens. En aidant les femmes \u00e0 s'aider elles-m\u00eames, ma fondation vise \u00e0 les encourager directement \u00e0 am\u00e9liorer leurs conditions de vie et de logement et \u00e0 faire valoir leurs droits, afin de leur permettre d'\u00eatre plus autonomes et d'avoir une meilleure qualit\u00e9 de vie\".<\/p>\t\t\t\t\t\t\t\t<\/div>\n\t\t\t\t<\/div>\n\t\t\t\t<div class=\"elementor-element elementor-element-420d1b3 elementor-widget elementor-widget-text-editor\" data-id=\"420d1b3\" data-element_type=\"widget\" data-e-type=\"widget\" data-widget_type=\"text-editor.default\">\n\t\t\t\t<div class=\"elementor-widget-container\">\n\t\t\t\t\t\t\t\t\t<p>Christine Cerletti-Sarasin, fondatrice, fondatrice du conseil de fondation<\/p>\t\t\t\t\t\t\t\t<\/div>\n\t\t\t\t<\/div>\n\t\t\t\t\t<\/div>\n\t\t\t\t<\/div>\n\t\t<div data-particle_enable=\"false\" data-particle-mobile-disabled=\"false\" class=\"elementor-element elementor-element-0908c10 e-grid responsive-padding e-con-boxed e-con e-parent\" data-id=\"0908c10\" data-element_type=\"container\" data-e-type=\"container\">\n\t\t\t\t\t<div class=\"e-con-inner\">\n\t\t<div data-particle_enable=\"false\" data-particle-mobile-disabled=\"false\" class=\"elementor-element elementor-element-52f791c e-con-full e-flex e-con e-child\" data-id=\"52f791c\" data-element_type=\"container\" data-e-type=\"container\" data-settings=\"{&quot;background_background&quot;:&quot;classic&quot;}\">\n\t\t<a class=\"eael-wrapper-link-cdcbfbf --eael-wrapper-link-tag\" href=\"https:\/\/www.casafemina.ch\/fr\/foerderbereiche\/wohnen\/\"><\/a><div data-eael-wrapper-link=\"eael-wrapper-link-cdcbfbf\" data-particle_enable=\"false\" data-particle-mobile-disabled=\"false\" class=\"elementor-element elementor-element-cdcbfbf e-con-full e-flex e-con e-child\" data-id=\"cdcbfbf\" data-element_type=\"container\" data-e-type=\"container\" data-settings=\"{&quot;background_background&quot;:&quot;classic&quot;}\">\n\t\t\t\t<\/div>\n\t\t<div data-particle_enable=\"false\" data-particle-mobile-disabled=\"false\" class=\"elementor-element elementor-element-6e0095e e-con-full e-flex e-con e-child\" data-id=\"6e0095e\" data-element_type=\"container\" data-e-type=\"container\" data-settings=\"{&quot;background_background&quot;:&quot;classic&quot;}\">\n\t\t\t\t<div class=\"elementor-element elementor-element-6f126f2 elementor-align-left elementor-widget elementor-widget-button\" data-id=\"6f126f2\" data-element_type=\"widget\" data-e-type=\"widget\" data-widget_type=\"button.default\">\n\t\t\t\t<div class=\"elementor-widget-container\">\n\t\t\t\t\t\t\t\t\t<div class=\"elementor-button-wrapper\">\n\t\t\t\t\t<a class=\"elementor-button elementor-button-link elementor-size-sm\" href=\"https:\/\/www.casafemina.ch\/fr\/foerderbereiche\/wohnen\/\">\n\t\t\t\t\t\t<span class=\"elementor-button-content-wrapper\">\n\t\t\t\t\t\t<span class=\"elementor-button-icon\">\n\t\t\t\t<svg aria-hidden=\"true\" class=\"e-font-icon-svg e-fas-long-arrow-alt-right\" viewbox=\"0 0 448 512\" xmlns=\"http:\/\/www.w3.org\/2000\/svg\"><path d=\"M313.941 216H12c-6.627 0-12 5.373-12 12v56c0 6.627 5.373 12 12 12h301.941v46.059c0 21.382 25.851 32.09 40.971 16.971l86.059-86.059c9.373-9.373 9.373-24.569 0-33.941l-86.059-86.059c-15.119-15.119-40.971-4.411-40.971 16.971V216z\"><\/path><\/svg>\t\t\t<\/span>\n\t\t\t\t\t\t\t\t\t<span class=\"elementor-button-text\">Habiter<\/span>\n\t\t\t\t\t<\/span>\n\t\t\t\t\t<\/a>\n\t\t\t\t<\/div>\n\t\t\t\t\t\t\t\t<\/div>\n\t\t\t\t<\/div>\n\t\t\t\t<\/div>\n\t\t\t\t<\/div>\n\t\t<div data-particle_enable=\"false\" data-particle-mobile-disabled=\"false\" class=\"elementor-element elementor-element-93aaf94 e-con-full e-flex e-con e-child\" data-id=\"93aaf94\" data-element_type=\"container\" data-e-type=\"container\" data-settings=\"{&quot;background_background&quot;:&quot;classic&quot;}\">\n\t\t<a class=\"eael-wrapper-link-1d6038b --eael-wrapper-link-tag\" href=\"https:\/\/www.casafemina.ch\/fr\/foerderbereiche\/bildung\/\"><\/a><div data-eael-wrapper-link=\"eael-wrapper-link-1d6038b\" data-particle_enable=\"false\" data-particle-mobile-disabled=\"false\" class=\"elementor-element elementor-element-1d6038b e-con-full e-flex e-con e-child\" data-id=\"1d6038b\" data-element_type=\"container\" data-e-type=\"container\" data-settings=\"{&quot;background_background&quot;:&quot;classic&quot;}\">\n\t\t\t\t<\/div>\n\t\t<div data-particle_enable=\"false\" data-particle-mobile-disabled=\"false\" class=\"elementor-element elementor-element-5a483fa e-con-full e-flex e-con e-child\" data-id=\"5a483fa\" data-element_type=\"container\" data-e-type=\"container\" data-settings=\"{&quot;background_background&quot;:&quot;classic&quot;}\">\n\t\t\t\t<div class=\"elementor-element elementor-element-421ac54 elementor-align-left elementor-widget elementor-widget-button\" data-id=\"421ac54\" data-element_type=\"widget\" data-e-type=\"widget\" data-widget_type=\"button.default\">\n\t\t\t\t<div class=\"elementor-widget-container\">\n\t\t\t\t\t\t\t\t\t<div class=\"elementor-button-wrapper\">\n\t\t\t\t\t<a class=\"elementor-button elementor-button-link elementor-size-sm\" href=\"https:\/\/www.casafemina.ch\/fr\/foerderbereiche\/bildung\/\">\n\t\t\t\t\t\t<span class=\"elementor-button-content-wrapper\">\n\t\t\t\t\t\t<span class=\"elementor-button-icon\">\n\t\t\t\t<svg aria-hidden=\"true\" class=\"e-font-icon-svg e-fas-long-arrow-alt-right\" viewbox=\"0 0 448 512\" xmlns=\"http:\/\/www.w3.org\/2000\/svg\"><path d=\"M313.941 216H12c-6.627 0-12 5.373-12 12v56c0 6.627 5.373 12 12 12h301.941v46.059c0 21.382 25.851 32.09 40.971 16.971l86.059-86.059c9.373-9.373 9.373-24.569 0-33.941l-86.059-86.059c-15.119-15.119-40.971-4.411-40.971 16.971V216z\"><\/path><\/svg>\t\t\t<\/span>\n\t\t\t\t\t\t\t\t\t<span class=\"elementor-button-text\">\u00c9ducation<\/span>\n\t\t\t\t\t<\/span>\n\t\t\t\t\t<\/a>\n\t\t\t\t<\/div>\n\t\t\t\t\t\t\t\t<\/div>\n\t\t\t\t<\/div>\n\t\t\t\t<\/div>\n\t\t\t\t<\/div>\n\t\t<div data-particle_enable=\"false\" data-particle-mobile-disabled=\"false\" class=\"elementor-element elementor-element-26dc75f e-con-full e-flex e-con e-child\" data-id=\"26dc75f\" data-element_type=\"container\" data-e-type=\"container\" data-settings=\"{&quot;background_background&quot;:&quot;classic&quot;}\">\n\t\t<a class=\"eael-wrapper-link-62cd024 --eael-wrapper-link-tag\" href=\"https:\/\/www.casafemina.ch\/fr\/foerderbereiche\/gesellschaftliche-teilhabe\/\"><\/a><div data-eael-wrapper-link=\"eael-wrapper-link-62cd024\" data-particle_enable=\"false\" data-particle-mobile-disabled=\"false\" class=\"elementor-element elementor-element-62cd024 e-con-full e-flex e-con e-child\" data-id=\"62cd024\" data-element_type=\"container\" data-e-type=\"container\" data-settings=\"{&quot;background_background&quot;:&quot;classic&quot;}\">\n\t\t\t\t<\/div>\n\t\t<div data-particle_enable=\"false\" data-particle-mobile-disabled=\"false\" class=\"elementor-element elementor-element-fd4cc17 e-con-full e-flex e-con e-child\" data-id=\"fd4cc17\" data-element_type=\"container\" data-e-type=\"container\" data-settings=\"{&quot;background_background&quot;:&quot;classic&quot;}\">\n\t\t\t\t<div class=\"elementor-element elementor-element-69c6ca8 elementor-align-left elementor-widget elementor-widget-button\" data-id=\"69c6ca8\" data-element_type=\"widget\" data-e-type=\"widget\" data-widget_type=\"button.default\">\n\t\t\t\t<div class=\"elementor-widget-container\">\n\t\t\t\t\t\t\t\t\t<div class=\"elementor-button-wrapper\">\n\t\t\t\t\t<a class=\"elementor-button elementor-button-link elementor-size-sm\" href=\"https:\/\/www.casafemina.ch\/fr\/foerderbereiche\/gesellschaftliche-teilhabe\/\">\n\t\t\t\t\t\t<span class=\"elementor-button-content-wrapper\">\n\t\t\t\t\t\t<span class=\"elementor-button-icon\">\n\t\t\t\t<svg aria-hidden=\"true\" class=\"e-font-icon-svg e-fas-long-arrow-alt-right\" viewbox=\"0 0 448 512\" xmlns=\"http:\/\/www.w3.org\/2000\/svg\"><path d=\"M313.941 216H12c-6.627 0-12 5.373-12 12v56c0 6.627 5.373 12 12 12h301.941v46.059c0 21.382 25.851 32.09 40.971 16.971l86.059-86.059c9.373-9.373 9.373-24.569 0-33.941l-86.059-86.059c-15.119-15.119-40.971-4.411-40.971 16.971V216z\"><\/path><\/svg>\t\t\t<\/span>\n\t\t\t\t\t\t\t\t\t<span class=\"elementor-button-text\">Participation sociale<\/span>\n\t\t\t\t\t<\/span>\n\t\t\t\t\t<\/a>\n\t\t\t\t<\/div>\n\t\t\t\t\t\t\t\t<\/div>\n\t\t\t\t<\/div>\n\t\t\t\t<\/div>\n\t\t\t\t<\/div>\n\t\t\t\t\t<\/div>\n\t\t\t\t<\/div>\n\t\t\t\t<\/div>","protected":false},"excerpt":{"rendered":"<p>Die Stiftung CasaFemina f\u00f6rdert das Empowerment und die Chancengleichheit von Menschen, insbesondere Frauen, in den Bereichen Wohnen, Bildung und gesellschaftlicher Teilhabe in der Nordwestschweiz. Gesuchstellung Herzlich willkommen bei CasaFemina \u00abMein Elternhaus gab mir ein Zuhause und Raum f\u00fcr meine pers\u00f6nliche Entwicklung. Immer wieder habe ich dar\u00fcber nachgedacht, wie ich etwas von meinem Gl\u00fcck weitergeben k\u00f6nnte,&#8230;<\/p>","protected":false},"author":2,"featured_media":0,"parent":0,"menu_order":0,"comment_status":"closed","ping_status":"closed","template":"elementor_theme","meta":{"_kad_post_transparent":"","_kad_post_title":"hide","_kad_post_layout":"fullwidth","_kad_post_sidebar_id":"","_kad_post_content_style":"unboxed","_kad_post_vertical_padding":"hide","_kad_post_feature":"hide","_kad_post_feature_position":"","_kad_post_header":false,"_kad_post_footer":false,"_kad_post_classname":"","footnotes":""},"class_list":["post-76","page","type-page","status-publish","hentry"],"yoast_head":"<!-- This site is optimized with the Yoast SEO plugin v27.3 - https:\/\/yoast.com\/product\/yoast-seo-wordpress\/ -->\n<title>Home - Stiftung CasaFemina<\/title>\n<meta name=\"robots\" content=\"index, follow, max-snippet:-1, max-image-preview:large, max-video-preview:-1\" \/>\n<link rel=\"canonical\" href=\"https:\/\/www.casafemina.ch\/fr\/\" \/>\n<meta property=\"og:locale\" content=\"fr_FR\" \/>\n<meta property=\"og:type\" content=\"article\" \/>\n<meta property=\"og:title\" content=\"Home - Stiftung CasaFemina\" \/>\n<meta property=\"og:description\" content=\"Die Stiftung CasaFemina f\u00f6rdert das Empowerment und die Chancengleichheit von Menschen, insbesondere Frauen, in den Bereichen Wohnen, Bildung und gesellschaftlicher Teilhabe in der Nordwestschweiz. Gesuchstellung Herzlich willkommen bei CasaFemina \u00abMein Elternhaus gab mir ein Zuhause und Raum f\u00fcr meine pers\u00f6nliche Entwicklung. Immer wieder habe ich dar\u00fcber nachgedacht, wie ich etwas von meinem Gl\u00fcck weitergeben k\u00f6nnte,...\" \/>\n<meta property=\"og:url\" content=\"https:\/\/www.casafemina.ch\/fr\/\" \/>\n<meta property=\"og:site_name\" content=\"Stiftung CasaFemina\" \/>\n<meta property=\"article:modified_time\" content=\"2026-01-28T08:47:02+00:00\" \/>\n<meta name=\"twitter:card\" content=\"summary_large_image\" \/>\n<meta name=\"twitter:label1\" content=\"Dur\u00e9e de lecture estim\u00e9e\" \/>\n\t<meta name=\"twitter:data1\" content=\"1 minute\" \/>\n<script type=\"application\/ld+json\" class=\"yoast-schema-graph\">{\"@context\":\"https:\\\/\\\/schema.org\",\"@graph\":[{\"@type\":\"WebPage\",\"@id\":\"https:\\\/\\\/www.casafemina.ch\\\/\",\"url\":\"https:\\\/\\\/www.casafemina.ch\\\/\",\"name\":\"Home - Stiftung CasaFemina\",\"isPartOf\":{\"@id\":\"https:\\\/\\\/www.casafemina.ch\\\/#website\"},\"datePublished\":\"2025-07-03T08:45:59+00:00\",\"dateModified\":\"2026-01-28T08:47:02+00:00\",\"breadcrumb\":{\"@id\":\"https:\\\/\\\/www.casafemina.ch\\\/#breadcrumb\"},\"inLanguage\":\"fr-FR\",\"potentialAction\":[{\"@type\":\"ReadAction\",\"target\":[\"https:\\\/\\\/www.casafemina.ch\\\/\"]}]},{\"@type\":\"BreadcrumbList\",\"@id\":\"https:\\\/\\\/www.casafemina.ch\\\/#breadcrumb\",\"itemListElement\":[{\"@type\":\"ListItem\",\"position\":1,\"name\":\"Startseite\",\"item\":\"https:\\\/\\\/www.casafemina.ch\\\/\"},{\"@type\":\"ListItem\",\"position\":2,\"name\":\"Home\"}]},{\"@type\":\"WebSite\",\"@id\":\"https:\\\/\\\/www.casafemina.ch\\\/#website\",\"url\":\"https:\\\/\\\/www.casafemina.ch\\\/\",\"name\":\"CasaFemina Redesign\",\"description\":\"Die Stiftung CasaFemina f\u00f6rdert das Empowerment und die Chancengleichheit von Menschen\",\"publisher\":{\"@id\":\"https:\\\/\\\/www.casafemina.ch\\\/#organization\"},\"potentialAction\":[{\"@type\":\"SearchAction\",\"target\":{\"@type\":\"EntryPoint\",\"urlTemplate\":\"https:\\\/\\\/www.casafemina.ch\\\/?s={search_term_string}\"},\"query-input\":{\"@type\":\"PropertyValueSpecification\",\"valueRequired\":true,\"valueName\":\"search_term_string\"}}],\"inLanguage\":\"fr-FR\"},{\"@type\":\"Organization\",\"@id\":\"https:\\\/\\\/www.casafemina.ch\\\/#organization\",\"name\":\"CasaFemina Redesign\",\"url\":\"https:\\\/\\\/www.casafemina.ch\\\/\",\"logo\":{\"@type\":\"ImageObject\",\"inLanguage\":\"fr-FR\",\"@id\":\"https:\\\/\\\/www.casafemina.ch\\\/#\\\/schema\\\/logo\\\/image\\\/\",\"url\":\"https:\\\/\\\/www.casafemina.ch\\\/wp-content\\\/uploads\\\/2025\\\/09\\\/casafemina-logo-final.svg\",\"contentUrl\":\"https:\\\/\\\/www.casafemina.ch\\\/wp-content\\\/uploads\\\/2025\\\/09\\\/casafemina-logo-final.svg\",\"width\":353,\"height\":56,\"caption\":\"CasaFemina Redesign\"},\"image\":{\"@id\":\"https:\\\/\\\/www.casafemina.ch\\\/#\\\/schema\\\/logo\\\/image\\\/\"}}]}<\/script>\n<!-- \/ Yoast SEO plugin. -->","yoast_head_json":{"title":"Home - Stiftung CasaFemina","robots":{"index":"index","follow":"follow","max-snippet":"max-snippet:-1","max-image-preview":"max-image-preview:large","max-video-preview":"max-video-preview:-1"},"canonical":"https:\/\/www.casafemina.ch\/fr\/","og_locale":"fr_FR","og_type":"article","og_title":"Home - Stiftung CasaFemina","og_description":"Die Stiftung CasaFemina f\u00f6rdert das Empowerment und die Chancengleichheit von Menschen, insbesondere Frauen, in den Bereichen Wohnen, Bildung und gesellschaftlicher Teilhabe in der Nordwestschweiz. Gesuchstellung Herzlich willkommen bei CasaFemina \u00abMein Elternhaus gab mir ein Zuhause und Raum f\u00fcr meine pers\u00f6nliche Entwicklung. Immer wieder habe ich dar\u00fcber nachgedacht, wie ich etwas von meinem Gl\u00fcck weitergeben k\u00f6nnte,...","og_url":"https:\/\/www.casafemina.ch\/fr\/","og_site_name":"Stiftung CasaFemina","article_modified_time":"2026-01-28T08:47:02+00:00","twitter_card":"summary_large_image","twitter_misc":{"Dur\u00e9e de lecture estim\u00e9e":"1 minute"},"schema":{"@context":"https:\/\/schema.org","@graph":[{"@type":"WebPage","@id":"https:\/\/www.casafemina.ch\/","url":"https:\/\/www.casafemina.ch\/","name":"Home - Stiftung CasaFemina","isPartOf":{"@id":"https:\/\/www.casafemina.ch\/#website"},"datePublished":"2025-07-03T08:45:59+00:00","dateModified":"2026-01-28T08:47:02+00:00","breadcrumb":{"@id":"https:\/\/www.casafemina.ch\/#breadcrumb"},"inLanguage":"fr-FR","potentialAction":[{"@type":"ReadAction","target":["https:\/\/www.casafemina.ch\/"]}]},{"@type":"BreadcrumbList","@id":"https:\/\/www.casafemina.ch\/#breadcrumb","itemListElement":[{"@type":"ListItem","position":1,"name":"Startseite","item":"https:\/\/www.casafemina.ch\/"},{"@type":"ListItem","position":2,"name":"Home"}]},{"@type":"WebSite","@id":"https:\/\/www.casafemina.ch\/#website","url":"https:\/\/www.casafemina.ch\/","name":"CasaFemina Redesign","description":"La fondation CasaFemina promeut l'empowerment et l'\u00e9galit\u00e9 des chances des personnes","publisher":{"@id":"https:\/\/www.casafemina.ch\/#organization"},"potentialAction":[{"@type":"SearchAction","target":{"@type":"EntryPoint","urlTemplate":"https:\/\/www.casafemina.ch\/?s={search_term_string}"},"query-input":{"@type":"PropertyValueSpecification","valueRequired":true,"valueName":"search_term_string"}}],"inLanguage":"fr-FR"},{"@type":"Organization","@id":"https:\/\/www.casafemina.ch\/#organization","name":"CasaFemina Redesign","url":"https:\/\/www.casafemina.ch\/","logo":{"@type":"ImageObject","inLanguage":"fr-FR","@id":"https:\/\/www.casafemina.ch\/#\/schema\/logo\/image\/","url":"https:\/\/www.casafemina.ch\/wp-content\/uploads\/2025\/09\/casafemina-logo-final.svg","contentUrl":"https:\/\/www.casafemina.ch\/wp-content\/uploads\/2025\/09\/casafemina-logo-final.svg","width":353,"height":56,"caption":"CasaFemina Redesign"},"image":{"@id":"https:\/\/www.casafemina.ch\/#\/schema\/logo\/image\/"}}]}},"_links":{"self":[{"href":"https:\/\/www.casafemina.ch\/fr\/wp-json\/wp\/v2\/pages\/76","targetHints":{"allow":["GET"]}}],"collection":[{"href":"https:\/\/www.casafemina.ch\/fr\/wp-json\/wp\/v2\/pages"}],"about":[{"href":"https:\/\/www.casafemina.ch\/fr\/wp-json\/wp\/v2\/types\/page"}],"author":[{"embeddable":true,"href":"https:\/\/www.casafemina.ch\/fr\/wp-json\/wp\/v2\/users\/2"}],"replies":[{"embeddable":true,"href":"https:\/\/www.casafemina.ch\/fr\/wp-json\/wp\/v2\/comments?post=76"}],"version-history":[{"count":927,"href":"https:\/\/www.casafemina.ch\/fr\/wp-json\/wp\/v2\/pages\/76\/revisions"}],"predecessor-version":[{"id":4045,"href":"https:\/\/www.casafemina.ch\/fr\/wp-json\/wp\/v2\/pages\/76\/revisions\/4045"}],"wp:attachment":[{"href":"https:\/\/www.casafemina.ch\/fr\/wp-json\/wp\/v2\/media?parent=76"}],"curies":[{"name":"wp","href":"https:\/\/api.w.org\/{rel}","templated":true}]}}